{"id":902,"date":"2019-10-21T07:28:57","date_gmt":"2019-10-21T05:28:57","guid":{"rendered":"http:\/\/casalparis.cat\/?post_type=tribe_events&#038;p=902"},"modified":"2019-10-27T18:40:30","modified_gmt":"2019-10-27T17:40:30","slug":"concurs-de-fotografia","status":"publish","type":"tribe_events","link":"http:\/\/casalparis.cat\/?tribe_events=concurs-de-fotografia","title":{"rendered":"Concurs de fotografia"},"content":{"rendered":"<p><a href=\"http:\/\/casalparis.cat\/wp-content\/uploads\/2019\/10\/Animat-i-participa-1.png\"><img loading=\"lazy\" decoding=\"async\" class=\"aligncenter size-medium wp-image-894\" src=\"http:\/\/casalparis.cat\/wp-content\/uploads\/2019\/10\/Animat-i-participa-1-300x251.png\" alt=\"\" width=\"300\" height=\"251\" srcset=\"https:\/\/casalparis.cat\/wp-content\/uploads\/2019\/10\/Animat-i-participa-1-300x251.png 300w, https:\/\/casalparis.cat\/wp-content\/uploads\/2019\/10\/Animat-i-participa-1-768x644.png 768w, https:\/\/casalparis.cat\/wp-content\/uploads\/2019\/10\/Animat-i-participa-1-358x300.png 358w, https:\/\/casalparis.cat\/wp-content\/uploads\/2019\/10\/Animat-i-participa-1.png 940w\" sizes=\"auto, (max-width: 300px) 100vw, 300px\" \/><\/a><\/p>\n<p>El Casal de Catalunya de Paris organitza un concurs de fotografia amb el tema: Llibertat.<br \/>\nLlegiu les bases del concurs adjuntes a aquesta publicacio i envieu una o dues fotos per partipar-hi a casal@casalparis.cat abans de l&#8217;1 de desembre.<br \/>\nDesperteu el talent de fotograf que teniu amagat!<br \/>\nBona sort.<\/p>\n<p>*********** BASES DEL CONCURS DE FOTOGRAFIA *************<\/p>\n<p>1.- Participants<br \/>\nHi podran participar tots els socis i simpatitzants del Casal de Catalunya de Paris.<\/p>\n<p>2.- Tema<br \/>\nLa Llibertat.<\/p>\n<p>3.- T\u00e8cniques<br \/>\nFotografia digital en blanc i negre o en color.<\/p>\n<p>4.- Nombre d&#8217;obres<br \/>\nS&#8217;acceptaran dues fotos per participant.<\/p>\n<p>5.- Presentaci\u00f3 de les obres<br \/>\nData l\u00edmit d\u2019enviament el diumenge 1 de desembre de 2019<br \/>\nFotos de qualsevol dimensi\u00f3 en qualitat 300 ppp.<br \/>\nLa foto s\u2019haur\u00e0 d\u2019enviar per mail a casal@casalparis.cat amb el t\u00edtol \u201cConcurs de fotografia\u201d, i s\u2019haur\u00e0 d\u2019indicar:<br \/>\n&#8211; El nom i cognoms del participant<br \/>\n&#8211; Edat<br \/>\n&#8211; El t\u00edtol de la foto<\/p>\n<p>6.- Categories<br \/>\nCategoria Nens: participants de 4 a 11 anys<br \/>\nCategoria Joves: participants de 12 a 18 anys<br \/>\nCategoria Grans: participants a partir de 19 anys<\/p>\n<p>7.- Nombre de premis per categoria<br \/>\nS&#8217;estableix un premi per categoria, i un premi especial p\u00fablic per la categoria del grans que es votar\u00e0 entre els assistents al dinar de Nadal del Casal.<\/p>\n<p>8.- Exposici\u00f3<br \/>\nUna sel.leccio de les fotos s\u2019exposar\u00e0 el dia del Dinar de Nadal del Casal, durant la primera quinzena de desembre. La data encara est\u00e0 per determinar.<\/p>\n<p>9.- Lliurament de premis<br \/>\nEl lliurament de premis ser\u00e0 durant el mateix dinar de Nadal.<br \/>\nLes fotografies premiades es publicaran a la p\u00e0gina web del Casal de Catalunya, al compte Facebook i Instagram del Casal.<\/p>\n<p>10.- Propietat i publicaci\u00f3 de les obres<br \/>\nTotes les obres quedaran en propietat del Casal de Catalunya de Paris i es conservaran al seu arxiu. Per tant, tots els participants cedeixen el dret de les seves obres per a qualsevol finalitat informativa i\/o publicitaria al Casal de Catalunya de Paris en qualsevol mitj\u00e0 informatiu (web, xarxes socials, premsa,&#8230;)<\/p>\n<p>11.- El jurat<br \/>\nEl jurat \u00e9s designat per l&#8217;organitzaci\u00f3. Es reserva la facultat de declarar els premis deserts si aix\u00ed ho creu convenient.<\/p>\n<p>12.- Us fem saber que<br \/>\nL&#8217;organitzaci\u00f3 es reserva el dret de resoldre de la forma que cregui m\u00e9s convenient aquelles situacions que no es troben especificades en aquestes bases.<\/p>\n<p>13.- Participaci\u00f3<br \/>\nEl fet de participar en aquest concurs implica l&#8217;acceptaci\u00f3 plena d&#8217;aquestes bases.<\/p>\n<p><a href=\"http:\/\/casalparis.cat\/wp-content\/uploads\/2019\/10\/BASES-DEL-CONCURS-DE-FOTOGRAFIA-1.pdf\">BASES DEL CONCURS DE FOTOGRAFIA (1)<\/a><\/p>\n","protected":false},"excerpt":{"rendered":"<p>El Casal de Catalunya de Paris organitza un concurs de fotografia amb el tema: Llibertat. Llegiu les bases del concurs adjuntes a aquesta publicacio i envieu una o dues fotos per partipar-hi a casal@casalparis.cat abans de l&#8217;1 de desembre. Desperteu &hellip; <a href=\"http:\/\/casalparis.cat\/?tribe_events=concurs-de-fotografia\">Continua llegint <span class=\"meta-nav\">&rarr;<\/span><\/a><\/p>\n","protected":false},"author":1,"featured_media":894,"template":"","meta":{"_tribe_events_status":"","_tribe_events_status_reason":"","footnotes":""},"tags":[67,136,137,38,22],"tribe_events_cat":[68],"class_list":["post-902","tribe_events","type-tribe_events","status-publish","has-post-thumbnail","hentry","tag-agenda","tag-concurs-de-fotografia","tag-llibertat","tag-paris","tag-somcasal","tribe_events_cat-agenda","cat_agenda"],"_links":{"self":[{"href":"http:\/\/casalparis.cat\/index.php?rest_route=\/wp\/v2\/tribe_events\/902","targetHints":{"allow":["GET"]}}],"collection":[{"href":"http:\/\/casalparis.cat\/index.php?rest_route=\/wp\/v2\/tribe_events"}],"about":[{"href":"http:\/\/casalparis.cat\/index.php?rest_route=\/wp\/v2\/types\/tribe_events"}],"author":[{"embeddable":true,"href":"http:\/\/casalparis.cat\/index.php?rest_route=\/wp\/v2\/users\/1"}],"version-history":[{"count":1,"href":"http:\/\/casalparis.cat\/index.php?rest_route=\/wp\/v2\/tribe_events\/902\/revisions"}],"predecessor-version":[{"id":903,"href":"http:\/\/casalparis.cat\/index.php?rest_route=\/wp\/v2\/tribe_events\/902\/revisions\/903"}],"wp:featuredmedia":[{"embeddable":true,"href":"http:\/\/casalparis.cat\/index.php?rest_route=\/wp\/v2\/media\/894"}],"wp:attachment":[{"href":"http:\/\/casalparis.cat\/index.php?rest_route=%2Fwp%2Fv2%2Fmedia&parent=902"}],"wp:term":[{"taxonomy":"post_tag","embeddable":true,"href":"http:\/\/casalparis.cat\/index.php?rest_route=%2Fwp%2Fv2%2Ftags&post=902"},{"taxonomy":"tribe_events_cat","embeddable":true,"href":"http:\/\/casalparis.cat\/index.php?rest_route=%2Fwp%2Fv2%2Ftribe_events_cat&post=902"}],"curies":[{"name":"wp","href":"https:\/\/api.w.org\/{rel}","templated":true}]}}